{"id":36638,"date":"2025-08-05T09:46:43","date_gmt":"2025-08-05T06:46:43","guid":{"rendered":"https:\/\/klaipedatravel.lt\/event\/internationales-seniorentanzfestival-baltija-wacht-auf\/"},"modified":"2025-08-05T09:46:43","modified_gmt":"2025-08-05T06:46:43","slug":"internationales-seniorentanzfestival-baltija-wacht-auf","status":"publish","type":"mec-events","link":"https:\/\/klaipedatravel.lt\/de\/event\/internationales-seniorentanzfestival-baltija-wacht-auf\/","title":{"rendered":"Internationales Seniorentanzfestival &#8222;Baltija wacht auf&#8220;"},"content":{"rendered":"<div class=\"xdj266r x14z9mp xat24cr x1lziwak x1vvkbs\">23. August (Samstag) 14:00 <br class=\"html-br\"> W\u00e4hrend des Festivals erwartet Sie ein reichhaltiges Programm, tolle Stimmung und Auftritte von 16 Gruppen aus drei baltischen L\u00e4ndern. Die Veranstaltung bietet:   <br class=\"html-br\">LETTLAND<br class=\"html-br\">Jaunolain\u0117 Kulturhaus Europ\u00e4isches Tanz-Senioren-Kollektiv &#8222;VELDZE&#8220; (Leitung Reg\u012bna Grebe\u017eniece)<br class=\"html-br\">Salaspils Kulturhaus Seniorentanzgruppe &#8222;MADARAS&#8220;<br class=\"html-br\">(Regisseurin Reg\u012bna Grebe\u017eniece)<br class=\"html-br\">Rigaer Seniorentanzkollektiv &#8222;ASPAZIJA&#8220; (Leitung Antra Z\u016bkere)<br class=\"html-br\">Rigaer Seniorentanzgruppe &#8222;MAGDALENA&#8220; (Leitung Antra Z\u016bkere)<br class=\"html-br\">Seniorentanzgruppe von Sigulda &#8222;PREILENE&#8220; (Leitung Antra Z\u016bkere)<br class=\"html-br\">Seniorentanzgruppe &#8222;SNIEGAROZE&#8220; aus Sigulda (Leitung Antra Z\u016bkere)<br class=\"html-br\">ESTLAND<br class=\"html-br\">Kanepi Seniorentanzgruppe &#8222;P\u00c4RIPIDI&#8220; (Leitung Maria Drenkhan)<br class=\"html-br\">P\u00f5lvaer Seniorentanzgruppe &#8222;P\u00d5LVA MEMMED&#8220; (Leiterin Helje P\u00f5vvat)<br class=\"html-br\">Seniorentanzgruppe HOELBEOLG aus P\u00f5lva (Leiterin Helje P\u00f5vvat)<br class=\"html-br\">LITAUEN<br class=\"html-br\">Garg\u017edai Seniorentanzgruppe &#8222;SKINIJA&#8220; (Leiter Giedr\u0117 Malunavi\u010dien\u0117)<br class=\"html-br\">\u0160ilut\u0117 Seniorentanzgruppe &#8222;\u0160Y\u0160A&#8220; (Leitung Alina Minderyt\u0117-Urbonien\u0117)<br class=\"html-br\">\u0160ilut\u0117 Seniorentanzgruppe &#8222;AUK\u0160TUMALA&#8220; (Leitung Alina Minderyt\u0117-Urbonien\u0117)<br class=\"html-br\">Palanga Seniorentanzgruppe &#8222;J\u016aR\u0116&#8220; (Leiter Tomas \u017dilys)<br class=\"html-br\">Kretinga Seniorentanzgruppe &#8222;GAJA&#8220; (Leiterin Guoda Endru\u0161aityt\u0117)<br class=\"html-br\">Tel\u0161iai Art and Self-Education Space Frauentanzgruppe &#8222;PINAVIJA&#8220;<br class=\"html-br\">(Leiter Genovait\u0117 Lukauskyt\u0117)<br class=\"html-br\">Klaip\u0117da Seniorentanzgruppe &#8222;KLAIP\u0116DOS ZUNDA&#8220;<br class=\"html-br\">(Regisseurin Irena Toliu\u0161ien\u0117, Tanzlehrer Valdas Marcinkus)<br class=\"html-br\">Klaip\u0117da Jeronimas Ka\u010dinskas Musikschule Knaben- und Jungm\u00e4nnerchor &#8222;GINTAR\u0116LIS&#8220; (Leitung Asta Kontautien\u0117 und Regina Vind\u017eigalskien\u0117)<\/div>\n<div class=\"x14z9mp xat24cr x1lziwak x1vvkbs xtlvy1s\">Festival-Gastgeber Loreta Liutkut\u0117 und Ignas Kazbaras<\/div>\n<div class=\"x14z9mp xat24cr x1lziwak x1vvkbs xtlvy1s\">Die Veranstaltung wird im Rahmen des Projekts &#8222;Internationales Festival der Seniorentanzgruppen &#8222;Waking up the Baltics&#8220; organisiert, das von der Seniorentanzgruppe &#8222;Klaip\u0117dos zunda&#8220; durchgef\u00fchrt und teilweise von der Stadtverwaltung Klaip\u0117da finanziert wird.<br class=\"html-br\">Die Organisatoren der Veranstaltung sind das Seniorentanzkollektiv Klaip\u0117da Zunda und das st\u00e4dtische Kulturzentrum Klaip\u0117da, Fischerpalast.<br class=\"html-br\">Der Baltische Weg ist eines der wichtigsten historischen Ereignisse in der Geschichte der baltischen Staaten und symbolisiert Einheit, Freiheit und Geistesst\u00e4rke. LASSEN SIE UNS GEMEINSAM FEIERN! <br class=\"html-br\">DIE VERANSTALTUNG IST KOSTENLOS. Sie wird gefilmt, fotografiert und ver\u00f6ffentlicht. <\/div>\n","protected":false},"excerpt":{"rendered":"<p>23. August (Samstag) 14:00 W\u00e4hrend des Festivals erwartet Sie ein reichhaltiges Programm, tolle Stimmung und Auftritte von 16 Gruppen aus drei baltischen L\u00e4ndern. Die Veranstaltung bietet: LETTLANDJaunolain\u0117 Kulturhaus Europ\u00e4isches Tanz-Senioren-Kollektiv &#8222;VELDZE&#8220; (Leitung Reg\u012bna Grebe\u017eniece)Salaspils Kulturhaus Seniorentanzgruppe &#8222;MADARAS&#8220;(Regisseurin Reg\u012bna Grebe\u017eniece)Rigaer Seniorentanzkollektiv &#8222;ASPAZIJA&#8220; (Leitung Antra Z\u016bkere)Rigaer Seniorentanzgruppe &#8222;MAGDALENA&#8220; (Leitung Antra Z\u016bkere)Seniorentanzgruppe von Sigulda &#8222;PREILENE&#8220; (Leitung Antra Z\u016bkere)Seniorentanzgruppe [&hellip;]<\/p>\n","protected":false},"author":9,"featured_media":36586,"comment_status":"closed","ping_status":"closed","template":"","tags":[],"mec_category":[564],"class_list":["post-36638","mec-events","type-mec-events","status-publish","has-post-thumbnail","hentry","mec_category-feiertage"],"acf":[],"_links":{"self":[{"href":"https:\/\/klaipedatravel.lt\/de\/wp-json\/wp\/v2\/mec-events\/36638","targetHints":{"allow":["GET"]}}],"collection":[{"href":"https:\/\/klaipedatravel.lt\/de\/wp-json\/wp\/v2\/mec-events"}],"about":[{"href":"https:\/\/klaipedatravel.lt\/de\/wp-json\/wp\/v2\/types\/mec-events"}],"author":[{"embeddable":true,"href":"https:\/\/klaipedatravel.lt\/de\/wp-json\/wp\/v2\/users\/9"}],"replies":[{"embeddable":true,"href":"https:\/\/klaipedatravel.lt\/de\/wp-json\/wp\/v2\/comments?post=36638"}],"wp:featuredmedia":[{"embeddable":true,"href":"https:\/\/klaipedatravel.lt\/de\/wp-json\/wp\/v2\/media\/36586"}],"wp:attachment":[{"href":"https:\/\/klaipedatravel.lt\/de\/wp-json\/wp\/v2\/media?parent=36638"}],"wp:term":[{"taxonomy":"post_tag","embeddable":true,"href":"https:\/\/klaipedatravel.lt\/de\/wp-json\/wp\/v2\/tags?post=36638"},{"taxonomy":"mec_category","embeddable":true,"href":"https:\/\/klaipedatravel.lt\/de\/wp-json\/wp\/v2\/mec_category?post=36638"}],"curies":[{"name":"wp","href":"https:\/\/api.w.org\/{rel}","templated":true}]}}