{"id":41183,"date":"2025-12-02T12:19:40","date_gmt":"2025-12-02T10:19:40","guid":{"rendered":"https:\/\/klaipedatravel.lt\/event\/eroeffnung-der-solo-fotoausstellung-s%e1%be%b1va-spaces-von-robertas-rudis\/"},"modified":"2025-12-02T12:19:40","modified_gmt":"2025-12-02T10:19:40","slug":"eroeffnung-der-solo-fotoausstellung-s%e1%be%b1va-spaces-von-robertas-rudis","status":"publish","type":"mec-events","link":"https:\/\/klaipedatravel.lt\/de\/event\/eroeffnung-der-solo-fotoausstellung-s%e1%be%b1va-spaces-von-robertas-rudis\/","title":{"rendered":"Er\u00f6ffnung der Solo-Fotoausstellung &#8222;s\u1fb1va spaces&#8220; von Robertas R\u016bdis"},"content":{"rendered":"<div class=\"xdj266r x14z9mp xat24cr x1lziwak x1vvkbs\">Die Kunstabteilung der \u00f6ffentlichen Bibliothek I. Kant der Stadtverwaltung Klaip\u0117da (J. Janonio g. 9) l\u00e4dt Sie ein, die pers\u00f6nliche Fotoausstellung &#8222;s\u1fb1va spaces&#8220; von ROBERTAS R\u016aD\u017dIS zu besuchen.<br class=\"html-br\">Die Er\u00f6ffnung der Ausstellung findet am Dienstag, den 2. Dezember 2025, um 17.30 Uhr statt. W\u00e4hrend der Er\u00f6ffnung werden Sie einen Ausschnitt aus einer Musik- und Tanzperformance von ANIA LOSINGER und MATS ESER sehen. <\/div>\n<div class=\"x14z9mp xat24cr x1lziwak x1vvkbs xtlvy1s\">Ausstellungszeitraum 2025 12 02-2026 01 03.<\/div>\n<div class=\"x14z9mp xat24cr x1lziwak x1vvkbs xtlvy1s\">Der fotografische Essay &#8222;s\u1fb1va spaces&#8220; ist die erste fotografische Erz\u00e4hlung des Fotografen Roberts R\u016bdis \u00fcber die K\u00fcnstler Ania Losinger und Mats Eser, Menschen, die ihm spirituell sehr nahe stehen. Es ist nur der Beginn einer Serie oder eine Einf\u00fchrung in dieses Thema und diesen Raum, der dem Fotografen sehr am Herzen liegt. <br class=\"html-br\">&#8222;Ich fotografiere nat\u00fcrlich in der Umgebung von A&amp;M (Ania Losinger und Mats Eser). Diese Umgebung und ihre Menschen sind das, was ich fotografisch beschreiben m\u00f6chte, wie ich es tue oder tun werde, wei\u00df ich nicht, ich m\u00f6chte es nur zeigen.&#8220;<br class=\"html-br\">Robert war schon immer von den Filmen von Andrei Tarkovsky und der Philosophie der Kunst, die er macht, fasziniert. &#8222;Und ich wollte das fotografieren, was f\u00fcr das Auge unsichtbar, f\u00fcr die Hand nicht greifbar, aber innen und au\u00dfen sp\u00fcrbar ist. Wenn es warm oder kalt ist, sehen wir es nicht, aber wir f\u00fchlen es. Es ist ein Zustand. Ich m\u00f6chte Zust\u00e4nde fotografieren&#8220;, sagt R. R\u016bdys.      <\/div>\n<div class=\"x14z9mp xat24cr x1lziwak x1vvkbs xtlvy1s\"><\/div>\n<div class=\"x14z9mp xat24cr x1lziwak x1vvkbs xtlvy1s\">Die Premiere der Musik- und Tanzperformance &#8222;WATER PIECE&#8220; der Schweizer K\u00fcnstler Ania Losinger und Mats Eser findet am 3. Dezember um 18 Uhr im Mal\u016bnas Loft, Gluosni\u0173 skg. 2A. <\/div>\n<div class=\"x14z9mp xat24cr x1lziwak x1vvkbs xtlvy1s\">Die Veranstaltung wird fotografiert und gefilmt und kann ver\u00f6ffentlicht werden.<\/div>\n","protected":false},"excerpt":{"rendered":"<p>Die Kunstabteilung der \u00f6ffentlichen Bibliothek I. Kant der Stadtverwaltung Klaip\u0117da (J. Janonio g. 9) l\u00e4dt Sie ein, die pers\u00f6nliche Fotoausstellung &#8222;s\u1fb1va spaces&#8220; von ROBERTAS R\u016aD\u017dIS zu besuchen.Die Er\u00f6ffnung der Ausstellung findet am Dienstag, den 2. Dezember 2025, um 17.30 Uhr statt. W\u00e4hrend der Er\u00f6ffnung werden Sie einen Ausschnitt aus einer Musik- und Tanzperformance von ANIA [&hellip;]<\/p>\n","protected":false},"author":9,"featured_media":41167,"comment_status":"closed","ping_status":"closed","template":"","tags":[],"mec_category":[497],"class_list":["post-41183","mec-events","type-mec-events","status-publish","has-post-thumbnail","hentry","mec_category-ausstellung"],"acf":[],"_links":{"self":[{"href":"https:\/\/klaipedatravel.lt\/de\/wp-json\/wp\/v2\/mec-events\/41183","targetHints":{"allow":["GET"]}}],"collection":[{"href":"https:\/\/klaipedatravel.lt\/de\/wp-json\/wp\/v2\/mec-events"}],"about":[{"href":"https:\/\/klaipedatravel.lt\/de\/wp-json\/wp\/v2\/types\/mec-events"}],"author":[{"embeddable":true,"href":"https:\/\/klaipedatravel.lt\/de\/wp-json\/wp\/v2\/users\/9"}],"replies":[{"embeddable":true,"href":"https:\/\/klaipedatravel.lt\/de\/wp-json\/wp\/v2\/comments?post=41183"}],"wp:featuredmedia":[{"embeddable":true,"href":"https:\/\/klaipedatravel.lt\/de\/wp-json\/wp\/v2\/media\/41167"}],"wp:attachment":[{"href":"https:\/\/klaipedatravel.lt\/de\/wp-json\/wp\/v2\/media?parent=41183"}],"wp:term":[{"taxonomy":"post_tag","embeddable":true,"href":"https:\/\/klaipedatravel.lt\/de\/wp-json\/wp\/v2\/tags?post=41183"},{"taxonomy":"mec_category","embeddable":true,"href":"https:\/\/klaipedatravel.lt\/de\/wp-json\/wp\/v2\/mec_category?post=41183"}],"curies":[{"name":"wp","href":"https:\/\/api.w.org\/{rel}","templated":true}]}}