{"id":42867,"date":"2026-01-28T10:54:31","date_gmt":"2026-01-28T08:54:31","guid":{"rendered":"https:\/\/klaipedatravel.lt\/event\/der-16-februar-ist-der-tag-der-wiederherstellung-des-litauischen-staates-ereignisse-in-klaipeda\/"},"modified":"2026-01-28T10:54:31","modified_gmt":"2026-01-28T08:54:31","slug":"der-16-februar-ist-der-tag-der-wiederherstellung-des-litauischen-staates-ereignisse-in-klaipeda","status":"publish","type":"mec-events","link":"https:\/\/klaipedatravel.lt\/de\/event\/der-16-februar-ist-der-tag-der-wiederherstellung-des-litauischen-staates-ereignisse-in-klaipeda\/","title":{"rendered":"Der 16. Februar ist der Tag der Wiederherstellung des litauischen Staates. Ereignisse in Klaip\u0117da"},"content":{"rendered":"<div class=\"xdj266r x14z9mp xat24cr x1lziwak x1vvkbs\"><strong>Der 16. Februar<\/strong> ist der Tag, an dem die Stimme Litauens im Namen der Freiheit ert\u00f6nte. In der \u00dcberzeugung, dass Freiheit kein Geschenk ist, sondern eine Wahl, die wir jeden Tag aufs Neue treffen. Lassen Sie uns Litauen so feiern, wie wir es am besten k\u00f6nnen &#8211; indem wir zusammen sind, als ein lebendiges Gef\u00fchl in der Brust. Singen wir f\u00fcr uns selbst und f\u00fcr unser Heimatland, das lebendig ist, solange wir es f\u00fchlen!     <span class=\"html-span xexx8yu xyri2b x18d9i69 x1c1uobl x1hl2dhg x16tdsg8 x1vvkbs x3nfvp2 x1j61x8r x1fcty0u xdj266r xat24cr xm2jcoa x1mpyi22 xxymvpz xlup9mm x1kky2od\"><img decoding=\"async\" class=\"xz74otr x15mokao x1ga7v0g x16uus16 xbiv7yw\" src=\"https:\/\/static.xx.fbcdn.net\/images\/emoji.php\/v9\/t15\/1\/16\/1f49b.png\" alt=\"\ud83d\udc9b\" width=\"16\" height=\"16\"><\/span><span class=\"html-span xexx8yu xyri2b x18d9i69 x1c1uobl x1hl2dhg x16tdsg8 x1vvkbs x3nfvp2 x1j61x8r x1fcty0u xdj266r xat24cr xm2jcoa x1mpyi22 xxymvpz xlup9mm x1kky2od\"><img decoding=\"async\" class=\"xz74otr x15mokao x1ga7v0g x16uus16 xbiv7yw\" src=\"https:\/\/static.xx.fbcdn.net\/images\/emoji.php\/v9\/t94\/1\/16\/1f49a.png\" alt=\"\ud83d\udc9a\" width=\"16\" height=\"16\"><\/span><span class=\"html-span xexx8yu xyri2b x18d9i69 x1c1uobl x1hl2dhg x16tdsg8 x1vvkbs x3nfvp2 x1j61x8r x1fcty0u xdj266r xat24cr xm2jcoa x1mpyi22 xxymvpz xlup9mm x1kky2od\"><img decoding=\"async\" class=\"xz74otr x15mokao x1ga7v0g x16uus16 xbiv7yw\" src=\"https:\/\/static.xx.fbcdn.net\/images\/emoji.php\/v9\/t6c\/1\/16\/2764.png\" alt=\"\u2764\ufe0f\" width=\"16\" height=\"16\"><\/span><\/div>\n<div><\/div>\n<div class=\"x14z9mp xat24cr x1lziwak x1vvkbs xtlvy1s\"><strong>Gedenkveranstaltungen zur Wiederherstellung des litauischen Staates in Klaip\u0117da:<\/strong><\/div>\n<div class=\"x14z9mp xat24cr x1lziwak x1vvkbs xtlvy1s\"><strong>15. Februar.<\/strong><br class=\"html-br\"><span class=\"html-span xexx8yu xyri2b x18d9i69 x1c1uobl x1hl2dhg x16tdsg8 x1vvkbs x3nfvp2 x1j61x8r x1fcty0u xdj266r xat24cr xm2jcoa x1mpyi22 xxymvpz xlup9mm x1kky2od\"><img decoding=\"async\" class=\"xz74otr x15mokao x1ga7v0g x16uus16 xbiv7yw\" src=\"https:\/\/static.xx.fbcdn.net\/images\/emoji.php\/v9\/t51\/1\/16\/1f449.png\" alt=\"\ud83d\udc49\" width=\"16\" height=\"16\"><\/span>  11.00-15.00 Kreative Aktivit\u00e4ten f\u00fcr Kinder &#8222;Zieht die Geldb\u00f6rsen heraus&#8220;.<br class=\"html-br\">12.00 und 14.00 P\u00e4dagogische Aktivit\u00e4ten f\u00fcr Museumsbesucher &#8222;MISSION: TURN THE GUNS AROUND&#8220;.  <br class=\"html-br\">*Eintritt mit Besucherticket<br class=\"html-br\"><span class=\"html-span xexx8yu xyri2b x18d9i69 x1c1uobl x1hl2dhg x16tdsg8 x1vvkbs x3nfvp2 x1j61x8r x1fcty0u xdj266r xat24cr xm2jcoa x1mpyi22 xxymvpz xlup9mm x1kky2od\"><img decoding=\"async\" class=\"xz74otr x15mokao x1ga7v0g x16uus16 xbiv7yw\" src=\"https:\/\/static.xx.fbcdn.net\/images\/emoji.php\/v9\/t2d\/1\/16\/1f4cd.png\" alt=\"\ud83d\udccd\" width=\"16\" height=\"16\"><\/span>  An Bord des Schiffsmuseums des Litauischen Schifffahrtsmuseums M52 &#8222;S\u016bduvis&#8220;<\/div>\n<div><\/div>\n<div class=\"x14z9mp xat24cr x1lziwak x1vvkbs xtlvy1s\"><strong>16. Februar.<\/strong><br class=\"html-br\"><span class=\"html-span xexx8yu xyri2b x18d9i69 x1c1uobl x1hl2dhg x16tdsg8 x1vvkbs x3nfvp2 x1j61x8r x1fcty0u xdj266r xat24cr xm2jcoa x1mpyi22 xxymvpz xlup9mm x1kky2od\"><img decoding=\"async\" class=\"xz74otr x15mokao x1ga7v0g x16uus16 xbiv7yw\" src=\"https:\/\/static.xx.fbcdn.net\/images\/emoji.php\/v9\/t51\/1\/16\/1f449.png\" alt=\"\ud83d\udc49\" width=\"16\" height=\"16\"><\/span>10.00 Uhr St. Messe f\u00fcr Litauen.<br class=\"html-br\"><span class=\"html-span xexx8yu xyri2b x18d9i69 x1c1uobl x1hl2dhg x16tdsg8 x1vvkbs x3nfvp2 x1j61x8r x1fcty0u xdj266r xat24cr xm2jcoa x1mpyi22 xxymvpz xlup9mm x1kky2od\"><img decoding=\"async\" class=\"xz74otr x15mokao x1ga7v0g x16uus16 xbiv7yw\" src=\"https:\/\/static.xx.fbcdn.net\/images\/emoji.php\/v9\/t2d\/1\/16\/1f4cd.png\" alt=\"\ud83d\udccd\" width=\"16\" height=\"16\"><\/span>  Klaip\u0117da Maria K\u00f6nigin des Friedens Kirche (Rumpi\u0161k\u0117s str. 6)<\/div>\n<div><\/div>\n<div class=\"x14z9mp xat24cr x1lziwak x1vvkbs xtlvy1s\"><span class=\"html-span xexx8yu xyri2b x18d9i69 x1c1uobl x1hl2dhg x16tdsg8 x1vvkbs x3nfvp2 x1j61x8r x1fcty0u xdj266r xat24cr xm2jcoa x1mpyi22 xxymvpz xlup9mm x1kky2od\"><img decoding=\"async\" class=\"xz74otr x15mokao x1ga7v0g x16uus16 xbiv7yw\" src=\"https:\/\/static.xx.fbcdn.net\/images\/emoji.php\/v9\/t51\/1\/16\/1f449.png\" alt=\"\ud83d\udc49\" width=\"16\" height=\"16\"><\/span>11.15 Uhr Festliche Prozession von der Kirche Maria K\u00f6nigin des Friedens in Klaip\u0117da zum Schloss Klaip\u0117da.<br class=\"html-br\">An der Zeremonie nehmen Soldaten der Klaip\u0117da Garnison der litauischen Streitkr\u00e4fte, die 3. Sch\u00fctzen der Western (Sea) Rifles der Litauischen Sch\u00fctzenunion, die K\u00fcstenwache des Staatlichen Grenzschutzes, das Hauptkommissariat der Polizei des Kreises Klaip\u0117da, der \u00d6ffentliche Sicherheitsdienst des Systems f\u00fcr Innere Angelegenheiten, der territoriale Zolldienst von Klaip\u0117da, die Seekadetten von Klaip\u0117da und das Orchester der Litauischen Marine teil. <\/div>\n<div><\/div>\n<div class=\"x14z9mp xat24cr x1lziwak x1vvkbs xtlvy1s\"><span class=\"html-span xexx8yu xyri2b x18d9i69 x1c1uobl x1hl2dhg x16tdsg8 x1vvkbs x3nfvp2 x1j61x8r x1fcty0u xdj266r xat24cr xm2jcoa x1mpyi22 xxymvpz xlup9mm x1kky2od\"><img decoding=\"async\" class=\"xz74otr x15mokao x1ga7v0g x16uus16 xbiv7yw\" src=\"https:\/\/static.xx.fbcdn.net\/images\/emoji.php\/v9\/t51\/1\/16\/1f449.png\" alt=\"\ud83d\udc49\" width=\"16\" height=\"16\"><\/span>12.00. Gedenken an den Tag der litauischen Staatsverfassung.<br class=\"html-br\">Hissen der litauischen Staatsflagge. Auszeichnung des B\u00fcrgermeisters von Klaip\u0117da &#8222;F\u00fcr die Arbeit des Jahres f\u00fcr Klaip\u0117da&#8220;.  <br class=\"html-br\">Die Lithuanian Armed Forces Brass Band (k\u00fcnstlerischer Leiter Egidijus Miknius), Klaip\u0117da Choir Aukuras (Leiter Tomas Ambrozaitis), Evelina Sa\u0161enko werden auftreten.<br class=\"html-br\"><span class=\"html-span xexx8yu xyri2b x18d9i69 x1c1uobl x1hl2dhg x16tdsg8 x1vvkbs x3nfvp2 x1j61x8r x1fcty0u xdj266r xat24cr xm2jcoa x1mpyi22 xxymvpz xlup9mm x1kky2od\"><img decoding=\"async\" class=\"xz74otr x15mokao x1ga7v0g x16uus16 xbiv7yw\" src=\"https:\/\/static.xx.fbcdn.net\/images\/emoji.php\/v9\/t2d\/1\/16\/1f4cd.png\" alt=\"\ud83d\udccd\" width=\"16\" height=\"16\"><\/span>  Klaip\u0117da Schlossplatz<\/div>\n<div><\/div>\n<div class=\"x14z9mp xat24cr x1lziwak x1vvkbs xtlvy1s\"><span class=\"html-span xexx8yu xyri2b x18d9i69 x1c1uobl x1hl2dhg x16tdsg8 x1vvkbs x3nfvp2 x1j61x8r x1fcty0u xdj266r xat24cr xm2jcoa x1mpyi22 xxymvpz xlup9mm x1kky2od\"><img decoding=\"async\" class=\"xz74otr x15mokao x1ga7v0g x16uus16 xbiv7yw\" src=\"https:\/\/static.xx.fbcdn.net\/images\/emoji.php\/v9\/t51\/1\/16\/1f449.png\" alt=\"\ud83d\udc49\" width=\"16\" height=\"16\"><\/span>13.30 ZEREMONIE DER ERNEUERUNG DES LITAUISCHEN HISTORISCHEN TALS.<br class=\"html-br\">Litauische Streitkr\u00e4fte Klaip\u0117da Garnisonsmilit\u00e4reinheiten, die Naval Brass Band nehmen teil. <br class=\"html-br\"><span class=\"html-span xexx8yu xyri2b x18d9i69 x1c1uobl x1hl2dhg x16tdsg8 x1vvkbs x3nfvp2 x1j61x8r x1fcty0u xdj266r xat24cr xm2jcoa x1mpyi22 xxymvpz xlup9mm x1kky2od\"><img decoding=\"async\" class=\"xz74otr x15mokao x1ga7v0g x16uus16 xbiv7yw\" src=\"https:\/\/static.xx.fbcdn.net\/images\/emoji.php\/v9\/t2d\/1\/16\/1f4cd.png\" alt=\"\ud83d\udccd\" width=\"16\" height=\"16\"><\/span>  In der Ma\u017evydas Avenue<\/div>\n<div>\n<p><span class=\"html-span xexx8yu xyri2b x18d9i69 x1c1uobl x1hl2dhg x16tdsg8 x1vvkbs x3nfvp2 x1j61x8r x1fcty0u xdj266r xat24cr xm2jcoa x1mpyi22 xxymvpz xlup9mm x1kky2od\"><img decoding=\"async\" class=\"xz74otr x15mokao x1ga7v0g x16uus16 xbiv7yw\" src=\"https:\/\/static.xx.fbcdn.net\/images\/emoji.php\/v9\/t51\/1\/16\/1f449.png\" alt=\"\ud83d\udc49\" width=\"16\" height=\"16\"><\/span>13.30 Veranstaltung &#8222;NATIONALE SPRACHE &#8211; W\u00dcRDE &#8211; SELBSTVERST\u00c4NDLICHKEIT&#8220;.<br \/>\nVorf\u00fchrung des Dokumentarfilms &#8222;Geschichten aus dem S\u00fcdosten Litauens&#8220;, Treffen mit den Autoren des Films und eine Diskussion \u00fcber die Bedeutung der litauischen Staatssprache f\u00fcr die Entwicklung des staatsb\u00fcrgerlichen und nationalen Bewusstseins. Mindaugas Vyskupaitis, Arvydas Juozaitis, Mindaugas Karalius und Jonas Genys werden daran teilnehmen.<br \/>\n<span class=\"html-span xexx8yu xyri2b x18d9i69 x1c1uobl x1hl2dhg x16tdsg8 x1vvkbs x3nfvp2 x1j61x8r x1fcty0u xdj266r xat24cr xm2jcoa x1mpyi22 xxymvpz xlup9mm x1kky2od\"><img decoding=\"async\" class=\"xz74otr x15mokao x1ga7v0g x16uus16 xbiv7yw\" src=\"https:\/\/static.xx.fbcdn.net\/images\/emoji.php\/v9\/t2d\/1\/16\/1f4cd.png\" alt=\"\ud83d\udccd\" width=\"16\" height=\"16\"><\/span>  Im Konferenzraum des Schlossmuseums (Prie\u0161pilio g. 2)<\/p>\n<\/div>\n<div class=\"x14z9mp xat24cr x1lziwak x1vvkbs xtlvy1s\"><span class=\"html-span xexx8yu xyri2b x18d9i69 x1c1uobl x1hl2dhg x16tdsg8 x1vvkbs x3nfvp2 x1j61x8r x1fcty0u xdj266r xat24cr xm2jcoa x1mpyi22 xxymvpz xlup9mm x1kky2od\"><img decoding=\"async\" class=\"xz74otr x15mokao x1ga7v0g x16uus16 xbiv7yw\" src=\"https:\/\/static.xx.fbcdn.net\/images\/emoji.php\/v9\/t51\/1\/16\/1f449.png\" alt=\"\ud83d\udc49\" width=\"16\" height=\"16\"><\/span>14.00 Konzert der jungen K\u00fcnstler aus Klaip\u0117da &#8222;UNSERE KINDER &#8211; Eltern f\u00fcr Litauen&#8220;. <br class=\"html-br\"><span class=\"html-span xexx8yu xyri2b x18d9i69 x1c1uobl x1hl2dhg x16tdsg8 x1vvkbs x3nfvp2 x1j61x8r x1fcty0u xdj266r xat24cr xm2jcoa x1mpyi22 xxymvpz xlup9mm x1kky2od\"><img decoding=\"async\" class=\"xz74otr x15mokao x1ga7v0g x16uus16 xbiv7yw\" src=\"https:\/\/static.xx.fbcdn.net\/images\/emoji.php\/v9\/t2d\/1\/16\/1f4cd.png\" alt=\"\ud83d\udccd\" width=\"16\" height=\"16\"><\/span>  Klaip\u0117da Fakult\u00e4t f\u00fcr Musik, LAMT, Konzertsaal (K. Donelai\u010dio g. 4)<\/div>\n<div><\/div>\n<div class=\"x14z9mp xat24cr x1lziwak x1vvkbs xtlvy1s\"><span class=\"html-span xexx8yu xyri2b x18d9i69 x1c1uobl x1hl2dhg x16tdsg8 x1vvkbs x3nfvp2 x1j61x8r x1fcty0u xdj266r xat24cr xm2jcoa x1mpyi22 xxymvpz xlup9mm x1kky2od\"><img decoding=\"async\" class=\"xz74otr x15mokao x1ga7v0g x16uus16 xbiv7yw\" src=\"https:\/\/static.xx.fbcdn.net\/images\/emoji.php\/v9\/t51\/1\/16\/1f449.png\" alt=\"\ud83d\udc49\" width=\"16\" height=\"16\"><\/span>17.00 Festliches Konzert &#8222;I CELEBRATE AND SING LITHUANIA&#8220;.<br class=\"html-br\">Vaidas Baumila, Bjelle, Ieva Narkut\u0117, Mer\u016bnas Vitulskis, Vilnius Sinfonietta Orchestra und VMU Chamber Orchestra, Klaip\u0117da Fishermen&#8217;s Palace Mixed Choir Cantare und V\u0117lunga Folk Dance Ensemble werden teilnehmen. Karten: <a role=\"link\" href=\"https:\/\/byt.lt\/MOKTK\" target=\"_blank\" rel=\"noopener\">https:\/\/byt.lt\/MOKTK<\/a> <br class=\"html-br\"><span class=\"html-span xexx8yu xyri2b x18d9i69 x1c1uobl x1hl2dhg x16tdsg8 x1vvkbs x3nfvp2 x1j61x8r x1fcty0u xdj266r xat24cr xm2jcoa x1mpyi22 xxymvpz xlup9mm x1kky2od\"><img decoding=\"async\" class=\"xz74otr x15mokao x1ga7v0g x16uus16 xbiv7yw\" src=\"https:\/\/static.xx.fbcdn.net\/images\/emoji.php\/v9\/t2d\/1\/16\/1f4cd.png\" alt=\"\ud83d\udccd\" width=\"16\" height=\"16\"><\/span>  \u0160vyturias Arena (Dubysos g. 10)<\/div>\n","protected":false},"excerpt":{"rendered":"<p>Der 16. Februar ist der Tag, an dem die Stimme Litauens im Namen der Freiheit ert\u00f6nte. In der \u00dcberzeugung, dass Freiheit kein Geschenk ist, sondern eine Wahl, die wir jeden Tag aufs Neue treffen. Lassen Sie uns Litauen so feiern, wie wir es am besten k\u00f6nnen &#8211; indem wir zusammen sind, als ein lebendiges Gef\u00fchl [&hellip;]<\/p>\n","protected":false},"author":3,"featured_media":42847,"comment_status":"closed","ping_status":"closed","template":"","tags":[],"mec_category":[511,509,753],"class_list":["post-42867","mec-events","type-mec-events","status-publish","has-post-thumbnail","hentry","mec_category-gedenken","mec_category-konzerte","mec_category-kultur"],"acf":[],"_links":{"self":[{"href":"https:\/\/klaipedatravel.lt\/de\/wp-json\/wp\/v2\/mec-events\/42867","targetHints":{"allow":["GET"]}}],"collection":[{"href":"https:\/\/klaipedatravel.lt\/de\/wp-json\/wp\/v2\/mec-events"}],"about":[{"href":"https:\/\/klaipedatravel.lt\/de\/wp-json\/wp\/v2\/types\/mec-events"}],"author":[{"embeddable":true,"href":"https:\/\/klaipedatravel.lt\/de\/wp-json\/wp\/v2\/users\/3"}],"replies":[{"embeddable":true,"href":"https:\/\/klaipedatravel.lt\/de\/wp-json\/wp\/v2\/comments?post=42867"}],"wp:featuredmedia":[{"embeddable":true,"href":"https:\/\/klaipedatravel.lt\/de\/wp-json\/wp\/v2\/media\/42847"}],"wp:attachment":[{"href":"https:\/\/klaipedatravel.lt\/de\/wp-json\/wp\/v2\/media?parent=42867"}],"wp:term":[{"taxonomy":"post_tag","embeddable":true,"href":"https:\/\/klaipedatravel.lt\/de\/wp-json\/wp\/v2\/tags?post=42867"},{"taxonomy":"mec_category","embeddable":true,"href":"https:\/\/klaipedatravel.lt\/de\/wp-json\/wp\/v2\/mec_category?post=42867"}],"curies":[{"name":"wp","href":"https:\/\/api.w.org\/{rel}","templated":true}]}}